{"id":5,"date":"2021-05-21T11:47:08","date_gmt":"2021-05-21T09:47:08","guid":{"rendered":"http:\/\/www.hotelemilia.it\/?page_id=5"},"modified":"2022-12-06T15:08:50","modified_gmt":"2022-12-06T14:08:50","slug":"home","status":"publish","type":"page","link":"https:\/\/www.hotelemilia.it\/fr\/","title":{"rendered":"Accueil"},"content":{"rendered":"<div id=\"flc-carousel\" data-cellalign=\"center\" data-bglazyload=\"1\" data-freescroll=\"true\" data-wraparound=\"true\" data-autoplay=\"2000\" data-pauseautoplayonhover =\"true\" data-prevnextbuttons=\"false\" data-contain=\"true\" data-pagedots=\"false\" data-draggable=\"false\" data-groupcells=\"1\" data-fade=\"true\" class=\"js--flickity wao-blocks-slider flc-carousel-57383\"  >\n\n                            <div class=\"w-100\">\n                    \n    <div style='background: url(http:\/\/www.hotelemilia.it\/wp-content\/uploads\/2021\/05\/DSCF3612.jpg)center center , linear-gradient(180deg, rgba(107,122,131,1) 0%, rgba(255,255,255,1) 40%); background-blend-mode: multiply; background-size: cover; height: 80vh; background-position: 50% 50%;' class='wao-blocks-flc-banner'>\n        <div \n            class='carousel-caption mobile-tablet-centered p-banner-top' \n                        style='max-width: 100%; bottom: 25%; background-color:  ; margin:  auto            '>\n            \n<div class=\"box-top-slider\">\n<div class=\"linea\"><\/div>\n\n\n<h2 class=\"has-text-align-center text-white wp-block-heading\">VRAIMENT EN BORD DE MER<\/h2>\n\n\n<div class=\"linea\"><\/div>\n<\/div>\n        <\/div>\n        <style>\n            @media screen and (max-width: 992px) {\n                .mobile-tablet-centered {\n                    margin: auto !important;\n                }\n            }\n        <\/style>\n    <\/div>\n    \n                <\/div>\n            \n<\/div>\n\n<section class=\"wao-blocks-container container mb-3 py-4\"\n\t\t>\n    \n<div class=\"wao-blocks-row row\" >\n    \n\n<div class=\"col-12 col-md-12\"\n     \n\t \n\t>\n        \n\n<h2 class=\"has-text-align-center wp-block-heading\">L'HOSPITALIT\u00c9, L'\u00c9L\u00c9GANCE,<br>BONNE CUISINE<\/h2>\n\n\n\n<h3 class=\"has-text-align-center font-alternativo wp-block-heading\">Bienvenue \u00e0 la mer !<\/h3>\n\n\n\n<p class=\"due-colonne\">L'h\u00f4tel Emilia di <strong>Torre Pedrera<\/strong> de Rimini est un h\u00f4tel dans <strong>gestion familiale<\/strong>Cet \u00e9tablissement est g\u00e9r\u00e9 depuis plusieurs g\u00e9n\u00e9rations par la famille Pazzini, qui dirige \u00e9galement l'h\u00f4tel Platinum depuis 2015.<br>I <strong>forces<\/strong> de cet h\u00f4tel sont les <strong>cuisine<\/strong>le <strong>nettoyage <\/strong>mais surtout le sourire et l'accueil typique de la Romagne ! Une excellente carte de visite pour ceux qui veulent passer des vacances heureuses et sans soucis.<\/p>\n\n    <\/div>\n<\/div>\n<\/section>\n\n<section class=\"wao-blocks-container container-fluid mb-2 g--bkg-light-01 py-5\"\n\t\t>\n    \n<section class=\"wao-blocks-container container mb-2\"\n\t\t>\n    \n<div class=\"wao-blocks-row row\" >\n    \n\n<div class=\"col-12 col-md-12 text-center\"\n     \n\t \n\t>\n        \n\n<h2 class=\"wp-block-heading\">PROMOTIONS POUR <br>VOS VACANCES<\/h2>\n\n    <\/div>\n<\/div>\n\n<div class=\"wao-blocks-row row py-4\" >\n    \n\n<div class=\"col-12 col-md-12\"\n     \n\t \n\t>\n        \n\n\t\n\t\t<div class=\"wao-blocks-offerte-slider-v1 arrow-top\">\n\n\t\t\t\t\t<!-- controllo Slide  -->\n\t\t\t\t\t<div class=\"js--slider\" data-arrows=\"true\" data-dots=\"true\" data-autoplay=\"true\" data-slidestoshow=\"2\" data-slidestoshowsm=\"1\" data-slidestoshowxs=\"1\">\n\t\t\t\t\t\t<!-- ciclo di ogni offerta -->\n\t\t\t\t\n<div class=\"g--bkg-light-02 m-2 h-100 pt-5 px-5\">\n    <!-- contenitore immagine -->\n\t<div>\n        <!-- contenitore titolo -->\n        <div class=\"mx-auto\" style=\"min-height: 66px;\">\n            <a href=\"https:\/\/www.hotelemilia.it\/fr\/offerte\/maggio-mare-in-fiore-136361.php\" class=\"text-primary h3\">Mai : la mer en fleurs<\/a>\n        <\/div>\n        <!-- contenitore date -->\n        <div class=\"text-primary\"><span>du 02\/05\/2026 au 30\/05\/2026<\/span><\/div>\n        <!-- fine contenitore date -->\n        <!-- contenitore prezzo -->\n        <div class=\"text-primary pt-3 pb-2\">\n\t\t\t<div>de <span class=\"bold h2\">50\u20ac<\/span> par personne et par jour<\/div>\n        <\/div>\n        <!-- fine contenitore prezzo -->\n\t<\/div>\n    <div class=\"mx-auto l--position-relative barret-136363\" style=\"background-size: cover; height: 300px; overflow:hidden;\">\n    \t<!-- inizio timer -->\n\t\t<div class=\"hidden-xl-down g--bkg-light-04 l--position-absolute l--top l--right p-2 text-primary timer l--b-a-1 border g--b-c-01\" style=\"z-index:800!important;\" id=\"timer_136363\">\n\t\t\t<div class=\"text-sm-center text-primary font-weight-bold text-uppercase\">L'offre expire en<\/div>\n\t\t\t<div class=\"\" style=\"display:flex\">\n\t\t\t\t<div class=\"l--p-a-12 g--bkg-light-02 mx-1\">\n\t\t\t\t\t<span class=\"days\"><\/span> <span class=\"text-small\">gg<\/span>\n\t\t\t\t<\/div>\n\t\t\t\t<div class=\"l--p-a-12 g--bkg-light-02 mx-1\">\n\t\t\t\t\t<span class=\"hours\"><\/span> <span class=\"text-small\">hh<\/span>\n\t\t\t\t<\/div>\n\t\t\t\t<div class=\"l--p-a-12 g--bkg-light-02  mx-1\">\n\t\t\t\t\t<span class=\"minutes\"><\/span> <span class=\"text-small\">mm<\/span>\n\t\t\t\t<\/div>\n\t\t\t\t<div class=\"l--p-a-12 g--bkg-light-02  mx-1\">\n\t\t\t\t\t<span class=\"seconds\"><\/span> <span class=\"text-small\">ss<\/span>\n\t\t\t\t<\/div>\n\t\t\t<\/div>\n\t\t<\/div>\n\t\t<script type=\"text\/javascript\">setTimeout(function(){ CountDownOfferte('30\/05\/2026', 'timer_136363'); }, 5000); BkgImgOfferta('https:\/\/static.adriasonline.it\/barret\/make\/offerte\/2185\/dettaglio\/img_136361.jpg?w=390&h=300&q=80&fit=crop', '136363', 'cover');<\/script>\n    \t<!-- fine timer -->\n    <\/div>\n    <!-- fine contenitore immagine -->\n    <!-- contenitore testi cBox2 -->\n    <div class=\"text-right\">\n        <!-- contenitore bottone -->\n        <div class=\"\">\n            <a class=\"btn btn-secondary text-uppercase\" href=\"https:\/\/www.hotelemilia.it\/fr\/offerte\/maggio-mare-in-fiore-136361.php\" title=\"R\u00e9servez votre \u00e9t\u00e9 en janvier et \u00e9conomisez\">d\u00e9couvrez\n\t\t\t<i class=\"fas fa-arrow-right ml-3\"><\/i>\n\t\t\t<\/a>\n        <\/div>\n        <!-- fine contenitore bottone -->\n    <\/div>\n    <!-- fine contenitore testi cBox2 -->\n<\/div>\n\n<div class=\"g--bkg-light-02 m-2 h-100 pt-5 px-5\">\n    <!-- contenitore immagine -->\n\t<div>\n        <!-- contenitore titolo -->\n        <div class=\"mx-auto\" style=\"min-height: 66px;\">\n            <a href=\"https:\/\/www.hotelemilia.it\/fr\/offerte\/offerta-giugno-al-mare-118416.php\" class=\"text-primary h3\">Le premier soleil d'\u00e9t\u00e9 est arriv\u00e9 !<\/a>\n        <\/div>\n        <!-- contenitore date -->\n        <div class=\"text-primary\"><span>du 30\/05\/2026 au 14\/06\/2026<\/span><\/div>\n        <!-- fine contenitore date -->\n        <!-- contenitore prezzo -->\n        <div class=\"text-primary pt-3 pb-2\">\n\t\t\t<div>de <span class=\"bold h2\">71\u20ac<\/span> par personne et par jour<\/div>\n        <\/div>\n        <!-- fine contenitore prezzo -->\n\t<\/div>\n    <div class=\"mx-auto l--position-relative barret-118418\" style=\"background-size: cover; height: 300px; overflow:hidden;\">\n    \t<!-- inizio timer -->\n\t\t<div class=\"hidden-xl-down g--bkg-light-04 l--position-absolute l--top l--right p-2 text-primary timer l--b-a-1 border g--b-c-01\" style=\"z-index:800!important;\" id=\"timer_118418\">\n\t\t\t<div class=\"text-sm-center text-primary font-weight-bold text-uppercase\">L'offre expire en<\/div>\n\t\t\t<div class=\"\" style=\"display:flex\">\n\t\t\t\t<div class=\"l--p-a-12 g--bkg-light-02 mx-1\">\n\t\t\t\t\t<span class=\"days\"><\/span> <span class=\"text-small\">gg<\/span>\n\t\t\t\t<\/div>\n\t\t\t\t<div class=\"l--p-a-12 g--bkg-light-02 mx-1\">\n\t\t\t\t\t<span class=\"hours\"><\/span> <span class=\"text-small\">hh<\/span>\n\t\t\t\t<\/div>\n\t\t\t\t<div class=\"l--p-a-12 g--bkg-light-02  mx-1\">\n\t\t\t\t\t<span class=\"minutes\"><\/span> <span class=\"text-small\">mm<\/span>\n\t\t\t\t<\/div>\n\t\t\t\t<div class=\"l--p-a-12 g--bkg-light-02  mx-1\">\n\t\t\t\t\t<span class=\"seconds\"><\/span> <span class=\"text-small\">ss<\/span>\n\t\t\t\t<\/div>\n\t\t\t<\/div>\n\t\t<\/div>\n\t\t<script type=\"text\/javascript\">setTimeout(function(){ CountDownOfferte('14\/06\/2026', 'timer_118418'); }, 5000); BkgImgOfferta('https:\/\/static.adriasonline.it\/barret\/make\/offerte\/2185\/dettaglio\/img_118416.jpg?w=390&h=300&q=80&fit=crop', '118418', 'cover');<\/script>\n    \t<!-- fine timer -->\n    <\/div>\n    <!-- fine contenitore immagine -->\n    <!-- contenitore testi cBox2 -->\n    <div class=\"text-right\">\n        <!-- contenitore bottone -->\n        <div class=\"\">\n            <a class=\"btn btn-secondary text-uppercase\" href=\"https:\/\/www.hotelemilia.it\/fr\/offerte\/offerta-giugno-al-mare-118416.php\" title=\"R\u00e9servez votre \u00e9t\u00e9 en janvier et \u00e9conomisez\">d\u00e9couvrez\n\t\t\t<i class=\"fas fa-arrow-right ml-3\"><\/i>\n\t\t\t<\/a>\n        <\/div>\n        <!-- fine contenitore bottone -->\n    <\/div>\n    <!-- fine contenitore testi cBox2 -->\n<\/div>\n\n<div class=\"g--bkg-light-02 m-2 h-100 pt-5 px-5\">\n    <!-- contenitore immagine -->\n\t<div>\n        <!-- contenitore titolo -->\n        <div class=\"mx-auto\" style=\"min-height: 66px;\">\n            <a href=\"https:\/\/www.hotelemilia.it\/fr\/offerte\/fine-giugno-mare-e-relax-139335.php\" class=\"text-primary h3\">Vacances de juin, mer et d\u00e9tente<\/a>\n        <\/div>\n        <!-- contenitore date -->\n        <div class=\"text-primary\"><span>du 14\/06\/2026 au 21\/06\/2026<\/span><\/div>\n        <!-- fine contenitore date -->\n        <!-- contenitore prezzo -->\n        <div class=\"text-primary pt-3 pb-2\">\n\t\t\t<div>de <span class=\"bold h2\">75\u20ac<\/span> par personne et par jour<\/div>\n        <\/div>\n        <!-- fine contenitore prezzo -->\n\t<\/div>\n    <div class=\"mx-auto l--position-relative barret-139338\" style=\"background-size: cover; height: 300px; overflow:hidden;\">\n    \t<!-- inizio timer -->\n\t\t<div class=\"hidden-xl-down g--bkg-light-04 l--position-absolute l--top l--right p-2 text-primary timer l--b-a-1 border g--b-c-01\" style=\"z-index:800!important;\" id=\"timer_139338\">\n\t\t\t<div class=\"text-sm-center text-primary font-weight-bold text-uppercase\">L'offre expire en<\/div>\n\t\t\t<div class=\"\" style=\"display:flex\">\n\t\t\t\t<div class=\"l--p-a-12 g--bkg-light-02 mx-1\">\n\t\t\t\t\t<span class=\"days\"><\/span> <span class=\"text-small\">gg<\/span>\n\t\t\t\t<\/div>\n\t\t\t\t<div class=\"l--p-a-12 g--bkg-light-02 mx-1\">\n\t\t\t\t\t<span class=\"hours\"><\/span> <span class=\"text-small\">hh<\/span>\n\t\t\t\t<\/div>\n\t\t\t\t<div class=\"l--p-a-12 g--bkg-light-02  mx-1\">\n\t\t\t\t\t<span class=\"minutes\"><\/span> <span class=\"text-small\">mm<\/span>\n\t\t\t\t<\/div>\n\t\t\t\t<div class=\"l--p-a-12 g--bkg-light-02  mx-1\">\n\t\t\t\t\t<span class=\"seconds\"><\/span> <span class=\"text-small\">ss<\/span>\n\t\t\t\t<\/div>\n\t\t\t<\/div>\n\t\t<\/div>\n\t\t<script type=\"text\/javascript\">setTimeout(function(){ CountDownOfferte('21\/06\/2026', 'timer_139338'); }, 5000); BkgImgOfferta('https:\/\/static.adriasonline.it\/barret\/make\/offerte\/2185\/dettaglio\/img_139335.jpg?w=390&h=300&q=80&fit=crop', '139338', 'cover');<\/script>\n    \t<!-- fine timer -->\n    <\/div>\n    <!-- fine contenitore immagine -->\n    <!-- contenitore testi cBox2 -->\n    <div class=\"text-right\">\n        <!-- contenitore bottone -->\n        <div class=\"\">\n            <a class=\"btn btn-secondary text-uppercase\" href=\"https:\/\/www.hotelemilia.it\/fr\/offerte\/fine-giugno-mare-e-relax-139335.php\" title=\"R\u00e9servez votre \u00e9t\u00e9 en janvier et \u00e9conomisez\">d\u00e9couvrez\n\t\t\t<i class=\"fas fa-arrow-right ml-3\"><\/i>\n\t\t\t<\/a>\n        <\/div>\n        <!-- fine contenitore bottone -->\n    <\/div>\n    <!-- fine contenitore testi cBox2 -->\n<\/div>\n\n<div class=\"g--bkg-light-02 m-2 h-100 pt-5 px-5\">\n    <!-- contenitore immagine -->\n\t<div>\n        <!-- contenitore titolo -->\n        <div class=\"mx-auto\" style=\"min-height: 66px;\">\n            <a href=\"https:\/\/www.hotelemilia.it\/fr\/offerte\/giugno-in-all-inclusive-111771.php\" class=\"text-primary h3\">Fin juin relaxante<\/a>\n        <\/div>\n        <!-- contenitore date -->\n        <div class=\"text-primary\"><span>du 21\/06\/2026 au 28\/06\/2026<\/span><\/div>\n        <!-- fine contenitore date -->\n        <!-- contenitore prezzo -->\n        <div class=\"text-primary pt-3 pb-2\">\n\t\t\t<div>de <span class=\"bold h2\">77\u20ac<\/span> par personne et par jour<\/div>\n        <\/div>\n        <!-- fine contenitore prezzo -->\n\t<\/div>\n    <div class=\"mx-auto l--position-relative barret-111777\" style=\"background-size: cover; height: 300px; overflow:hidden;\">\n    \t<!-- inizio timer -->\n\t\t<div class=\"hidden-xl-down g--bkg-light-04 l--position-absolute l--top l--right p-2 text-primary timer l--b-a-1 border g--b-c-01\" style=\"z-index:800!important;\" id=\"timer_111777\">\n\t\t\t<div class=\"text-sm-center text-primary font-weight-bold text-uppercase\">L'offre expire en<\/div>\n\t\t\t<div class=\"\" style=\"display:flex\">\n\t\t\t\t<div class=\"l--p-a-12 g--bkg-light-02 mx-1\">\n\t\t\t\t\t<span class=\"days\"><\/span> <span class=\"text-small\">gg<\/span>\n\t\t\t\t<\/div>\n\t\t\t\t<div class=\"l--p-a-12 g--bkg-light-02 mx-1\">\n\t\t\t\t\t<span class=\"hours\"><\/span> <span class=\"text-small\">hh<\/span>\n\t\t\t\t<\/div>\n\t\t\t\t<div class=\"l--p-a-12 g--bkg-light-02  mx-1\">\n\t\t\t\t\t<span class=\"minutes\"><\/span> <span class=\"text-small\">mm<\/span>\n\t\t\t\t<\/div>\n\t\t\t\t<div class=\"l--p-a-12 g--bkg-light-02  mx-1\">\n\t\t\t\t\t<span class=\"seconds\"><\/span> <span class=\"text-small\">ss<\/span>\n\t\t\t\t<\/div>\n\t\t\t<\/div>\n\t\t<\/div>\n\t\t<script type=\"text\/javascript\">setTimeout(function(){ CountDownOfferte('28\/06\/2026', 'timer_111777'); }, 5000); BkgImgOfferta('https:\/\/static.adriasonline.it\/barret\/make\/offerte\/2185\/dettaglio\/img_111771.jpg?w=390&h=300&q=80&fit=crop', '111777', 'cover');<\/script>\n    \t<!-- fine timer -->\n    <\/div>\n    <!-- fine contenitore immagine -->\n    <!-- contenitore testi cBox2 -->\n    <div class=\"text-right\">\n        <!-- contenitore bottone -->\n        <div class=\"\">\n            <a class=\"btn btn-secondary text-uppercase\" href=\"https:\/\/www.hotelemilia.it\/fr\/offerte\/giugno-in-all-inclusive-111771.php\" title=\"R\u00e9servez votre \u00e9t\u00e9 en janvier et \u00e9conomisez\">d\u00e9couvrez\n\t\t\t<i class=\"fas fa-arrow-right ml-3\"><\/i>\n\t\t\t<\/a>\n        <\/div>\n        <!-- fine contenitore bottone -->\n    <\/div>\n    <!-- fine contenitore testi cBox2 -->\n<\/div>\n\n<div class=\"g--bkg-light-02 m-2 h-100 pt-5 px-5\">\n    <!-- contenitore immagine -->\n\t<div>\n        <!-- contenitore titolo -->\n        <div class=\"mx-auto\" style=\"min-height: 66px;\">\n            <a href=\"https:\/\/www.hotelemilia.it\/fr\/offerte\/offerta-all-inclusive-luglio-a-rimini-101387.php\" class=\"text-primary h3\">D\u00e9but juillet, bord de mer<\/a>\n        <\/div>\n        <!-- contenitore date -->\n        <div class=\"text-primary\"><span>du 28\/06\/2026 au 05\/07\/2026<\/span><\/div>\n        <!-- fine contenitore date -->\n        <!-- contenitore prezzo -->\n        <div class=\"text-primary pt-3 pb-2\">\n\t\t\t<div>de <span class=\"bold h2\">79\u20ac<\/span> par personne et par jour<\/div>\n        <\/div>\n        <!-- fine contenitore prezzo -->\n\t<\/div>\n    <div class=\"mx-auto l--position-relative barret-101389\" style=\"background-size: cover; height: 300px; overflow:hidden;\">\n    \t<!-- inizio timer -->\n\t\t<div class=\"hidden-xl-down g--bkg-light-04 l--position-absolute l--top l--right p-2 text-primary timer l--b-a-1 border g--b-c-01\" style=\"z-index:800!important;\" id=\"timer_101389\">\n\t\t\t<div class=\"text-sm-center text-primary font-weight-bold text-uppercase\">L'offre expire en<\/div>\n\t\t\t<div class=\"\" style=\"display:flex\">\n\t\t\t\t<div class=\"l--p-a-12 g--bkg-light-02 mx-1\">\n\t\t\t\t\t<span class=\"days\"><\/span> <span class=\"text-small\">gg<\/span>\n\t\t\t\t<\/div>\n\t\t\t\t<div class=\"l--p-a-12 g--bkg-light-02 mx-1\">\n\t\t\t\t\t<span class=\"hours\"><\/span> <span class=\"text-small\">hh<\/span>\n\t\t\t\t<\/div>\n\t\t\t\t<div class=\"l--p-a-12 g--bkg-light-02  mx-1\">\n\t\t\t\t\t<span class=\"minutes\"><\/span> <span class=\"text-small\">mm<\/span>\n\t\t\t\t<\/div>\n\t\t\t\t<div class=\"l--p-a-12 g--bkg-light-02  mx-1\">\n\t\t\t\t\t<span class=\"seconds\"><\/span> <span class=\"text-small\">ss<\/span>\n\t\t\t\t<\/div>\n\t\t\t<\/div>\n\t\t<\/div>\n\t\t<script type=\"text\/javascript\">setTimeout(function(){ CountDownOfferte('05\/07\/2026', 'timer_101389'); }, 5000); BkgImgOfferta('https:\/\/static.adriasonline.it\/barret\/make\/offerte\/2185\/dettaglio\/img_101387.jpg?w=390&h=300&q=80&fit=crop', '101389', 'cover');<\/script>\n    \t<!-- fine timer -->\n    <\/div>\n    <!-- fine contenitore immagine -->\n    <!-- contenitore testi cBox2 -->\n    <div class=\"text-right\">\n        <!-- contenitore bottone -->\n        <div class=\"\">\n            <a class=\"btn btn-secondary text-uppercase\" href=\"https:\/\/www.hotelemilia.it\/fr\/offerte\/offerta-all-inclusive-luglio-a-rimini-101387.php\" title=\"R\u00e9servez votre \u00e9t\u00e9 en janvier et \u00e9conomisez\">d\u00e9couvrez\n\t\t\t<i class=\"fas fa-arrow-right ml-3\"><\/i>\n\t\t\t<\/a>\n        <\/div>\n        <!-- fine contenitore bottone -->\n    <\/div>\n    <!-- fine contenitore testi cBox2 -->\n<\/div>\n\n<div class=\"g--bkg-light-02 m-2 h-100 pt-5 px-5\">\n    <!-- contenitore immagine -->\n\t<div>\n        <!-- contenitore titolo -->\n        <div class=\"mx-auto\" style=\"min-height: 66px;\">\n            <a href=\"https:\/\/www.hotelemilia.it\/fr\/offerte\/luglio-al-mare-115822.php\" class=\"text-primary h3\">Des vacances \u00e0 savourer !<\/a>\n        <\/div>\n        <!-- contenitore date -->\n        <div class=\"text-primary\"><span>du 05\/07\/2026 au 09\/08\/2026<\/span><\/div>\n        <!-- fine contenitore date -->\n        <!-- contenitore prezzo -->\n        <div class=\"text-primary pt-3 pb-2\">\n\t\t\t<div>de <span class=\"bold h2\">81\u20ac<\/span> par personne et par jour<\/div>\n        <\/div>\n        <!-- fine contenitore prezzo -->\n\t<\/div>\n    <div class=\"mx-auto l--position-relative barret-115824\" style=\"background-size: cover; height: 300px; overflow:hidden;\">\n    \t<!-- inizio timer -->\n\t\t<div class=\"hidden-xl-down g--bkg-light-04 l--position-absolute l--top l--right p-2 text-primary timer l--b-a-1 border g--b-c-01\" style=\"z-index:800!important;\" id=\"timer_115824\">\n\t\t\t<div class=\"text-sm-center text-primary font-weight-bold text-uppercase\">L'offre expire en<\/div>\n\t\t\t<div class=\"\" style=\"display:flex\">\n\t\t\t\t<div class=\"l--p-a-12 g--bkg-light-02 mx-1\">\n\t\t\t\t\t<span class=\"days\"><\/span> <span class=\"text-small\">gg<\/span>\n\t\t\t\t<\/div>\n\t\t\t\t<div class=\"l--p-a-12 g--bkg-light-02 mx-1\">\n\t\t\t\t\t<span class=\"hours\"><\/span> <span class=\"text-small\">hh<\/span>\n\t\t\t\t<\/div>\n\t\t\t\t<div class=\"l--p-a-12 g--bkg-light-02  mx-1\">\n\t\t\t\t\t<span class=\"minutes\"><\/span> <span class=\"text-small\">mm<\/span>\n\t\t\t\t<\/div>\n\t\t\t\t<div class=\"l--p-a-12 g--bkg-light-02  mx-1\">\n\t\t\t\t\t<span class=\"seconds\"><\/span> <span class=\"text-small\">ss<\/span>\n\t\t\t\t<\/div>\n\t\t\t<\/div>\n\t\t<\/div>\n\t\t<script type=\"text\/javascript\">setTimeout(function(){ CountDownOfferte('09\/08\/2026', 'timer_115824'); }, 5000); BkgImgOfferta('https:\/\/static.adriasonline.it\/barret\/make\/offerte\/2185\/dettaglio\/img_115822.jpg?w=390&h=300&q=80&fit=crop', '115824', 'cover');<\/script>\n    \t<!-- fine timer -->\n    <\/div>\n    <!-- fine contenitore immagine -->\n    <!-- contenitore testi cBox2 -->\n    <div class=\"text-right\">\n        <!-- contenitore bottone -->\n        <div class=\"\">\n            <a class=\"btn btn-secondary text-uppercase\" href=\"https:\/\/www.hotelemilia.it\/fr\/offerte\/luglio-al-mare-115822.php\" title=\"R\u00e9servez votre \u00e9t\u00e9 en janvier et \u00e9conomisez\">d\u00e9couvrez\n\t\t\t<i class=\"fas fa-arrow-right ml-3\"><\/i>\n\t\t\t<\/a>\n        <\/div>\n        <!-- fine contenitore bottone -->\n    <\/div>\n    <!-- fine contenitore testi cBox2 -->\n<\/div>\n\n<div class=\"g--bkg-light-02 m-2 h-100 pt-5 px-5\">\n    <!-- contenitore immagine -->\n\t<div>\n        <!-- contenitore titolo -->\n        <div class=\"mx-auto\" style=\"min-height: 66px;\">\n            <a href=\"https:\/\/www.hotelemilia.it\/fr\/offerte\/offerta-luglio-a-rimini-128509.php\" class=\"text-primary h3\">D\u00e9but ao\u00fbt : un plongeon dans l'\u00e9t\u00e9<\/a>\n        <\/div>\n        <!-- contenitore date -->\n        <div class=\"text-primary\"><span>du 09\/08\/2026 au 16\/08\/2026<\/span><\/div>\n        <!-- fine contenitore date -->\n        <!-- contenitore prezzo -->\n        <div class=\"text-primary pt-3 pb-2\">\n\t\t\t<div>de <span class=\"bold h2\">99\u20ac<\/span> par personne et par jour<\/div>\n        <\/div>\n        <!-- fine contenitore prezzo -->\n\t<\/div>\n    <div class=\"mx-auto l--position-relative barret-128511\" style=\"background-size: cover; height: 300px; overflow:hidden;\">\n    \t<!-- inizio timer -->\n\t\t<div class=\"hidden-xl-down g--bkg-light-04 l--position-absolute l--top l--right p-2 text-primary timer l--b-a-1 border g--b-c-01\" style=\"z-index:800!important;\" id=\"timer_128511\">\n\t\t\t<div class=\"text-sm-center text-primary font-weight-bold text-uppercase\">L'offre expire en<\/div>\n\t\t\t<div class=\"\" style=\"display:flex\">\n\t\t\t\t<div class=\"l--p-a-12 g--bkg-light-02 mx-1\">\n\t\t\t\t\t<span class=\"days\"><\/span> <span class=\"text-small\">gg<\/span>\n\t\t\t\t<\/div>\n\t\t\t\t<div class=\"l--p-a-12 g--bkg-light-02 mx-1\">\n\t\t\t\t\t<span class=\"hours\"><\/span> <span class=\"text-small\">hh<\/span>\n\t\t\t\t<\/div>\n\t\t\t\t<div class=\"l--p-a-12 g--bkg-light-02  mx-1\">\n\t\t\t\t\t<span class=\"minutes\"><\/span> <span class=\"text-small\">mm<\/span>\n\t\t\t\t<\/div>\n\t\t\t\t<div class=\"l--p-a-12 g--bkg-light-02  mx-1\">\n\t\t\t\t\t<span class=\"seconds\"><\/span> <span class=\"text-small\">ss<\/span>\n\t\t\t\t<\/div>\n\t\t\t<\/div>\n\t\t<\/div>\n\t\t<script type=\"text\/javascript\">setTimeout(function(){ CountDownOfferte('16\/08\/2026', 'timer_128511'); }, 5000); BkgImgOfferta('https:\/\/static.adriasonline.it\/barret\/make\/offerte\/2185\/dettaglio\/img_128509.jpg?w=390&h=300&q=80&fit=crop', '128511', 'cover');<\/script>\n    \t<!-- fine timer -->\n    <\/div>\n    <!-- fine contenitore immagine -->\n    <!-- contenitore testi cBox2 -->\n    <div class=\"text-right\">\n        <!-- contenitore bottone -->\n        <div class=\"\">\n            <a class=\"btn btn-secondary text-uppercase\" href=\"https:\/\/www.hotelemilia.it\/fr\/offerte\/offerta-luglio-a-rimini-128509.php\" title=\"R\u00e9servez votre \u00e9t\u00e9 en janvier et \u00e9conomisez\">d\u00e9couvrez\n\t\t\t<i class=\"fas fa-arrow-right ml-3\"><\/i>\n\t\t\t<\/a>\n        <\/div>\n        <!-- fine contenitore bottone -->\n    <\/div>\n    <!-- fine contenitore testi cBox2 -->\n<\/div>\n\n<div class=\"g--bkg-light-02 m-2 h-100 pt-5 px-5\">\n    <!-- contenitore immagine -->\n\t<div>\n        <!-- contenitore titolo -->\n        <div class=\"mx-auto\" style=\"min-height: 66px;\">\n            <a href=\"https:\/\/www.hotelemilia.it\/fr\/offerte\/fine-agosto-all-inclusive-a-rimini-123085.php\" class=\"text-primary h3\">Mer, odeur de la mer<\/a>\n        <\/div>\n        <!-- contenitore date -->\n        <div class=\"text-primary\"><span>du 16\/08\/2026 au 23\/08\/2026<\/span><\/div>\n        <!-- fine contenitore date -->\n        <!-- contenitore prezzo -->\n        <div class=\"text-primary pt-3 pb-2\">\n\t\t\t<div>de <span class=\"bold h2\">95\u20ac<\/span> par personne et par jour<\/div>\n        <\/div>\n        <!-- fine contenitore prezzo -->\n\t<\/div>\n    <div class=\"mx-auto l--position-relative barret-123087\" style=\"background-size: cover; height: 300px; overflow:hidden;\">\n    \t<!-- inizio timer -->\n\t\t<div class=\"hidden-xl-down g--bkg-light-04 l--position-absolute l--top l--right p-2 text-primary timer l--b-a-1 border g--b-c-01\" style=\"z-index:800!important;\" id=\"timer_123087\">\n\t\t\t<div class=\"text-sm-center text-primary font-weight-bold text-uppercase\">L'offre expire en<\/div>\n\t\t\t<div class=\"\" style=\"display:flex\">\n\t\t\t\t<div class=\"l--p-a-12 g--bkg-light-02 mx-1\">\n\t\t\t\t\t<span class=\"days\"><\/span> <span class=\"text-small\">gg<\/span>\n\t\t\t\t<\/div>\n\t\t\t\t<div class=\"l--p-a-12 g--bkg-light-02 mx-1\">\n\t\t\t\t\t<span class=\"hours\"><\/span> <span class=\"text-small\">hh<\/span>\n\t\t\t\t<\/div>\n\t\t\t\t<div class=\"l--p-a-12 g--bkg-light-02  mx-1\">\n\t\t\t\t\t<span class=\"minutes\"><\/span> <span class=\"text-small\">mm<\/span>\n\t\t\t\t<\/div>\n\t\t\t\t<div class=\"l--p-a-12 g--bkg-light-02  mx-1\">\n\t\t\t\t\t<span class=\"seconds\"><\/span> <span class=\"text-small\">ss<\/span>\n\t\t\t\t<\/div>\n\t\t\t<\/div>\n\t\t<\/div>\n\t\t<script type=\"text\/javascript\">setTimeout(function(){ CountDownOfferte('23\/08\/2026', 'timer_123087'); }, 5000); BkgImgOfferta('https:\/\/static.adriasonline.it\/barret\/make\/offerte\/2185\/dettaglio\/img_123085.jpg?w=390&h=300&q=80&fit=crop', '123087', 'cover');<\/script>\n    \t<!-- fine timer -->\n    <\/div>\n    <!-- fine contenitore immagine -->\n    <!-- contenitore testi cBox2 -->\n    <div class=\"text-right\">\n        <!-- contenitore bottone -->\n        <div class=\"\">\n            <a class=\"btn btn-secondary text-uppercase\" href=\"https:\/\/www.hotelemilia.it\/fr\/offerte\/fine-agosto-all-inclusive-a-rimini-123085.php\" title=\"R\u00e9servez votre \u00e9t\u00e9 en janvier et \u00e9conomisez\">d\u00e9couvrez\n\t\t\t<i class=\"fas fa-arrow-right ml-3\"><\/i>\n\t\t\t<\/a>\n        <\/div>\n        <!-- fine contenitore bottone -->\n    <\/div>\n    <!-- fine contenitore testi cBox2 -->\n<\/div>\n\n<div class=\"g--bkg-light-02 m-2 h-100 pt-5 px-5\">\n    <!-- contenitore immagine -->\n\t<div>\n        <!-- contenitore titolo -->\n        <div class=\"mx-auto\" style=\"min-height: 66px;\">\n            <a href=\"https:\/\/www.hotelemilia.it\/fr\/offerte\/inizio-settembre-tra-sole-e-mare-139347.php\" class=\"text-primary h3\">Fin ao\u00fbt, soleil et mer <\/a>\n        <\/div>\n        <!-- contenitore date -->\n        <div class=\"text-primary\"><span>du 23\/08\/2026 au 30\/08\/2026<\/span><\/div>\n        <!-- fine contenitore date -->\n        <!-- contenitore prezzo -->\n        <div class=\"text-primary pt-3 pb-2\">\n\t\t\t<div>de <span class=\"bold h2\">88\u20ac<\/span> par personne et par jour<\/div>\n        <\/div>\n        <!-- fine contenitore prezzo -->\n\t<\/div>\n    <div class=\"mx-auto l--position-relative barret-139350\" style=\"background-size: cover; height: 300px; overflow:hidden;\">\n    \t<!-- inizio timer -->\n\t\t<div class=\"hidden-xl-down g--bkg-light-04 l--position-absolute l--top l--right p-2 text-primary timer l--b-a-1 border g--b-c-01\" style=\"z-index:800!important;\" id=\"timer_139350\">\n\t\t\t<div class=\"text-sm-center text-primary font-weight-bold text-uppercase\">L'offre expire en<\/div>\n\t\t\t<div class=\"\" style=\"display:flex\">\n\t\t\t\t<div class=\"l--p-a-12 g--bkg-light-02 mx-1\">\n\t\t\t\t\t<span class=\"days\"><\/span> <span class=\"text-small\">gg<\/span>\n\t\t\t\t<\/div>\n\t\t\t\t<div class=\"l--p-a-12 g--bkg-light-02 mx-1\">\n\t\t\t\t\t<span class=\"hours\"><\/span> <span class=\"text-small\">hh<\/span>\n\t\t\t\t<\/div>\n\t\t\t\t<div class=\"l--p-a-12 g--bkg-light-02  mx-1\">\n\t\t\t\t\t<span class=\"minutes\"><\/span> <span class=\"text-small\">mm<\/span>\n\t\t\t\t<\/div>\n\t\t\t\t<div class=\"l--p-a-12 g--bkg-light-02  mx-1\">\n\t\t\t\t\t<span class=\"seconds\"><\/span> <span class=\"text-small\">ss<\/span>\n\t\t\t\t<\/div>\n\t\t\t<\/div>\n\t\t<\/div>\n\t\t<script type=\"text\/javascript\">setTimeout(function(){ CountDownOfferte('30\/08\/2026', 'timer_139350'); }, 5000); BkgImgOfferta('https:\/\/static.adriasonline.it\/barret\/make\/offerte\/2185\/dettaglio\/img_139347.jpg?w=390&h=300&q=80&fit=crop', '139350', 'cover');<\/script>\n    \t<!-- fine timer -->\n    <\/div>\n    <!-- fine contenitore immagine -->\n    <!-- contenitore testi cBox2 -->\n    <div class=\"text-right\">\n        <!-- contenitore bottone -->\n        <div class=\"\">\n            <a class=\"btn btn-secondary text-uppercase\" href=\"https:\/\/www.hotelemilia.it\/fr\/offerte\/inizio-settembre-tra-sole-e-mare-139347.php\" title=\"R\u00e9servez votre \u00e9t\u00e9 en janvier et \u00e9conomisez\">d\u00e9couvrez\n\t\t\t<i class=\"fas fa-arrow-right ml-3\"><\/i>\n\t\t\t<\/a>\n        <\/div>\n        <!-- fine contenitore bottone -->\n    <\/div>\n    <!-- fine contenitore testi cBox2 -->\n<\/div>\n\n<div class=\"g--bkg-light-02 m-2 h-100 pt-5 px-5\">\n    <!-- contenitore immagine -->\n\t<div>\n        <!-- contenitore titolo -->\n        <div class=\"mx-auto\" style=\"min-height: 66px;\">\n            <a href=\"https:\/\/www.hotelemilia.it\/fr\/offerte\/offerta-settembre-all-inclusive-129743.php\" class=\"text-primary h3\">Les \u00e9motions de septembre<\/a>\n        <\/div>\n        <!-- contenitore date -->\n        <div class=\"text-primary\"><span>du 30\/08\/2026 au 06\/09\/2026<\/span><\/div>\n        <!-- fine contenitore date -->\n        <!-- contenitore prezzo -->\n        <div class=\"text-primary pt-3 pb-2\">\n\t\t\t<div>de <span class=\"bold h2\">78\u20ac<\/span> par personne et par jour<\/div>\n        <\/div>\n        <!-- fine contenitore prezzo -->\n\t<\/div>\n    <div class=\"mx-auto l--position-relative barret-129745\" style=\"background-size: cover; height: 300px; overflow:hidden;\">\n    \t<!-- inizio timer -->\n\t\t<div class=\"hidden-xl-down g--bkg-light-04 l--position-absolute l--top l--right p-2 text-primary timer l--b-a-1 border g--b-c-01\" style=\"z-index:800!important;\" id=\"timer_129745\">\n\t\t\t<div class=\"text-sm-center text-primary font-weight-bold text-uppercase\">L'offre expire en<\/div>\n\t\t\t<div class=\"\" style=\"display:flex\">\n\t\t\t\t<div class=\"l--p-a-12 g--bkg-light-02 mx-1\">\n\t\t\t\t\t<span class=\"days\"><\/span> <span class=\"text-small\">gg<\/span>\n\t\t\t\t<\/div>\n\t\t\t\t<div class=\"l--p-a-12 g--bkg-light-02 mx-1\">\n\t\t\t\t\t<span class=\"hours\"><\/span> <span class=\"text-small\">hh<\/span>\n\t\t\t\t<\/div>\n\t\t\t\t<div class=\"l--p-a-12 g--bkg-light-02  mx-1\">\n\t\t\t\t\t<span class=\"minutes\"><\/span> <span class=\"text-small\">mm<\/span>\n\t\t\t\t<\/div>\n\t\t\t\t<div class=\"l--p-a-12 g--bkg-light-02  mx-1\">\n\t\t\t\t\t<span class=\"seconds\"><\/span> <span class=\"text-small\">ss<\/span>\n\t\t\t\t<\/div>\n\t\t\t<\/div>\n\t\t<\/div>\n\t\t<script type=\"text\/javascript\">setTimeout(function(){ CountDownOfferte('06\/09\/2026', 'timer_129745'); }, 5000); BkgImgOfferta('https:\/\/static.adriasonline.it\/barret\/make\/offerte\/2185\/dettaglio\/img_129743.jpg?w=390&h=300&q=80&fit=crop', '129745', 'cover');<\/script>\n    \t<!-- fine timer -->\n    <\/div>\n    <!-- fine contenitore immagine -->\n    <!-- contenitore testi cBox2 -->\n    <div class=\"text-right\">\n        <!-- contenitore bottone -->\n        <div class=\"\">\n            <a class=\"btn btn-secondary text-uppercase\" href=\"https:\/\/www.hotelemilia.it\/fr\/offerte\/offerta-settembre-all-inclusive-129743.php\" title=\"R\u00e9servez votre \u00e9t\u00e9 en janvier et \u00e9conomisez\">d\u00e9couvrez\n\t\t\t<i class=\"fas fa-arrow-right ml-3\"><\/i>\n\t\t\t<\/a>\n        <\/div>\n        <!-- fine contenitore bottone -->\n    <\/div>\n    <!-- fine contenitore testi cBox2 -->\n<\/div>\n\n<div class=\"g--bkg-light-02 m-2 h-100 pt-5 px-5\">\n    <!-- contenitore immagine -->\n\t<div>\n        <!-- contenitore titolo -->\n        <div class=\"mx-auto\" style=\"min-height: 66px;\">\n            <a href=\"https:\/\/www.hotelemilia.it\/fr\/offerte\/a-fine-settembre-ancora-mare-139343.php\" class=\"text-primary h3\">Plus de mer \u00e0 la fin du mois de septembre !<\/a>\n        <\/div>\n        <!-- contenitore date -->\n        <div class=\"text-primary\"><span>du 06\/09\/2026 au 20\/09\/2026<\/span><\/div>\n        <!-- fine contenitore date -->\n        <!-- contenitore prezzo -->\n        <div class=\"text-primary pt-3 pb-2\">\n\t\t\t<div>de <span class=\"bold h2\">69\u20ac<\/span> par personne et par jour<\/div>\n        <\/div>\n        <!-- fine contenitore prezzo -->\n\t<\/div>\n    <div class=\"mx-auto l--position-relative barret-139346\" style=\"background-size: cover; height: 300px; overflow:hidden;\">\n    \t<!-- inizio timer -->\n\t\t<div class=\"hidden-xl-down g--bkg-light-04 l--position-absolute l--top l--right p-2 text-primary timer l--b-a-1 border g--b-c-01\" style=\"z-index:800!important;\" id=\"timer_139346\">\n\t\t\t<div class=\"text-sm-center text-primary font-weight-bold text-uppercase\">L'offre expire en<\/div>\n\t\t\t<div class=\"\" style=\"display:flex\">\n\t\t\t\t<div class=\"l--p-a-12 g--bkg-light-02 mx-1\">\n\t\t\t\t\t<span class=\"days\"><\/span> <span class=\"text-small\">gg<\/span>\n\t\t\t\t<\/div>\n\t\t\t\t<div class=\"l--p-a-12 g--bkg-light-02 mx-1\">\n\t\t\t\t\t<span class=\"hours\"><\/span> <span class=\"text-small\">hh<\/span>\n\t\t\t\t<\/div>\n\t\t\t\t<div class=\"l--p-a-12 g--bkg-light-02  mx-1\">\n\t\t\t\t\t<span class=\"minutes\"><\/span> <span class=\"text-small\">mm<\/span>\n\t\t\t\t<\/div>\n\t\t\t\t<div class=\"l--p-a-12 g--bkg-light-02  mx-1\">\n\t\t\t\t\t<span class=\"seconds\"><\/span> <span class=\"text-small\">ss<\/span>\n\t\t\t\t<\/div>\n\t\t\t<\/div>\n\t\t<\/div>\n\t\t<script type=\"text\/javascript\">setTimeout(function(){ CountDownOfferte('20\/09\/2026', 'timer_139346'); }, 5000); BkgImgOfferta('https:\/\/static.adriasonline.it\/barret\/make\/offerte\/2185\/dettaglio\/img_139343.jpg?w=390&h=300&q=80&fit=crop', '139346', 'cover');<\/script>\n    \t<!-- fine timer -->\n    <\/div>\n    <!-- fine contenitore immagine -->\n    <!-- contenitore testi cBox2 -->\n    <div class=\"text-right\">\n        <!-- contenitore bottone -->\n        <div class=\"\">\n            <a class=\"btn btn-secondary text-uppercase\" href=\"https:\/\/www.hotelemilia.it\/fr\/offerte\/a-fine-settembre-ancora-mare-139343.php\" title=\"R\u00e9servez votre \u00e9t\u00e9 en janvier et \u00e9conomisez\">d\u00e9couvrez\n\t\t\t<i class=\"fas fa-arrow-right ml-3\"><\/i>\n\t\t\t<\/a>\n        <\/div>\n        <!-- fine contenitore bottone -->\n    <\/div>\n    <!-- fine contenitore testi cBox2 -->\n<\/div>\n    \n\t\t\t\t\t\t\t\n\t\t\t<\/div>\n\t\t<\/div>\n\t\n    <\/div>\n<\/div>\n<\/section>\n<\/section>\n\n<section class=\"wao-blocks-container container-fluid mb-5 pt-4\"\n\t\t>\n    \n<div class=\"wao-blocks-row row max-w-1400 mx-auto\" >\n    \n\n<div class=\"col-12 col-md-5\"\n     \n\t \n\t>\n        \n\n<h2 class=\"pt-3 text-uppercase wp-block-heading\">Directement sur la mer<\/h2>\n\n\n\n<h3 class=\"font-alternativo wp-block-heading\">Traversez la promenade pi\u00e9tonne et marchez sur le sable.<\/h3>\n\n\n\n<div class=\"wao-blocks-immagine-src logo-bottom-dx\" \n    >\n                    <img decoding=\"async\" src=\"http:\/\/www.hotelemilia.it\/wp-content\/uploads\/2021\/06\/hotel-emilia-fronte-mare-683x1024.jpg\"  class=\"img-fluid\"  alt=\"H\u00f4tel Emilia en bord de mer\">\n    <\/div>\n    <\/div>\n\n\n<div class=\"col-12 col-md-7\"\n     \n\t \n\t>\n        \n\n<div class=\"wao-blocks-immagine-src pb-5 logo-top-sx\" \n    >\n                    <img decoding=\"async\" src=\"http:\/\/www.hotelemilia.it\/wp-content\/uploads\/2021\/05\/DSCF3530-1024x683.jpg\"  class=\"img-fluid\"  alt=\"Jeux H\u00f4tel Emilia\">\n    <\/div>\n\n\n<p class=\"paragrafo-sx\">La <strong>emplacement <\/strong>de l'h\u00f4tel Emilia est certainement un autre point positif, surtout pour ceux qui ne veulent pas renoncer \u00e0 la vue d'un paysage magnifique, m\u00eame en restant \u00e0 l'h\u00f4tel.<\/p>\n\n\n\n<p class=\"paragrafo-sx\">L'h\u00f4tel dispose de<strong> chambres avec vue sur la mer<\/strong> et des chambres donnant sur la mer et aussi le restaurant est situ\u00e9 dans une excellente position pour ceux qui veulent go\u00fbter nos sp\u00e9cialit\u00e9s tout en admirant la plage de Torre Pedrera.<\/p>\n\n\n\n<div class=\"wao-blocks-button py-3\" >\n\t<a href=\"http:\/\/www.hotelemilia.it\/fr\/spiaggia\/\" \n\t\tclass=\"btn btn-secondary\"\n        title=\"Mare Hotel Emilia\" \n\t>\t\n\t\t\t\tD\u00c9COUVREZ \t\t<i class=\"fas fa-arrow-right ml-3\"><\/i> \t<\/a>\n<\/div>\n    <\/div>\n<\/div>\n<\/section>\n\n<section class=\"wao-blocks-container container-fluid mb-2 g--bkg-light-01\"\n\t\t>\n    \n<div class=\"wao-blocks-row row justify-content-end\" >\n    \n\n<div class=\"col-12 col-md-6 max-w-600 p-md-5 py-5\"\n     \n\t \n\t>\n        \n\n<h2 class=\"wp-block-heading\">Une cuisine pour tous les go\u00fbts<\/h2>\n\n\n\n<h3 class=\"font-alternativo pb-3 wp-block-heading\">Nous ne sommes pas des gourmets, mais nous savons nous d\u00e9fendre.<\/h3>\n\n\n\n<p>Pour garantir le meilleur \u00e0 nos clients, l'\u00e9quipe de la <strong>cuisine <\/strong>\u00e8 <strong>g\u00e9r\u00e9 par la famille<\/strong> et en particulier par la m\u00e8re et la grand-m\u00e8re qui vous \u00e9tonneront chaque jour avec des plats savoureux et des g\u00e2teaux faits maison !<\/p>\n\n    <\/div>\n\n\n<div class=\"col-12 col-md-6 z-ind-1\"\n     \n\t \n\t>\n        \n\n<section class=\"container-fluid js--lazy-load wao-blocks-gallery-slider-flickity arrow-bottom gallery-flickity-47142\" >\n    <article class=\"row\">\n        <div class=\"col-sm-12 p-0 position-relative\">\n            <section class=\"container-fluid js--lazy-load\">\n                <article class=\"row\">\n                    <div class=\"col-sm-12 p-0 position-relative\">\n                        <div class=\"js--flickity l--vh-60-md\" data-cellalign=\"left\" data-bglazyload=\"1\" data-freescroll=\"true\" data-wraparound=\"true\" data-autoplay=\"4000\" data-pauseautoplayonhover =\"true\" data-prevnextbuttons=\"true\" data-contain=\"true\" data-pagedots=\"false\" data-draggable=\"true\" data-groupcells=\"110%\" data-fade=\"true\">\n                                                            <div>\n                                    <div style=\"background: url('http:\/\/www.hotelemilia.it\/wp-content\/uploads\/2021\/05\/DSCF3612-1.jpg') center center \/ cover no-repeat rgb(250, 250, 250); display: block; width: 100vw;\" class=\"l--vh-60-md\"><\/div>\n                                <\/div>\n                                                            <div>\n                                    <div style=\"background: url('http:\/\/www.hotelemilia.it\/wp-content\/uploads\/2021\/05\/DSCF5718.jpg') center center \/ cover no-repeat rgb(250, 250, 250); display: block; width: 100vw;\" class=\"l--vh-60-md\"><\/div>\n                                <\/div>\n                                                            <div>\n                                    <div style=\"background: url('http:\/\/www.hotelemilia.it\/wp-content\/uploads\/2021\/05\/DSCF5719.jpg') center center \/ cover no-repeat rgb(250, 250, 250); display: block; width: 100vw;\" class=\"l--vh-60-md\"><\/div>\n                                <\/div>\n                                                            <div>\n                                    <div style=\"background: url('http:\/\/www.hotelemilia.it\/wp-content\/uploads\/2021\/05\/P1090110.jpg') center center \/ cover no-repeat rgb(250, 250, 250); display: block; width: 100vw;\" class=\"l--vh-60-md\"><\/div>\n                                <\/div>\n                            \n                        <\/div>\n                        <div class=\"position-absolute l--top l--bottom mx-auto l--align-middle-vertical\">\n                            <div class=\"text-over-slider h1 text-quaternary text-center animated zoomIn\" data-anim=\"zoomIn\" data-cof=\"true\" data-cof-rule=\"font-size, 2rem, 2.5rem, 2.5rem, 3rem, 3rem\">\n                                                            <\/div>\n                                                    <\/div>\n                    <\/div>\n                <\/article>\n            <\/section>\n        <\/div>\n    <\/article>\n<\/section>\n    <\/div>\n<\/div>\n<\/section>\n\n<section class=\"wao-blocks-container container-fluid mb-5 mt-neg-150\"\n\t\t>\n    \n<div class=\"wao-blocks-row row max-w-1400 mx-auto\" >\n    \n\n<div class=\"col-12 col-md-6 max-w-600 mx-auto mh-gallery-cucina\"\n     \n\t \n\t>\n        \n\n\t  \t<div class=\"container p-0 l--h-100\">\n\t\t\t<div class=\"row l--gallery-grid l--h-100\">\n\t\t\t\t<div class=\"col-md-12 col-sm-12 l--h-50 l--sm-h-100 l--p-gall p-3\"><div style=\"background-image: url('http:\/\/www.hotelemilia.it\/wp-content\/uploads\/2021\/05\/DSCF5678-1024x683.jpg?w=100&h=100&q=80&fit=crop);\" class=\"l--w-100 l--h-100\">\n\t\t\t\t\t<a href=\"http:\/\/www.hotelemilia.it\/wp-content\/uploads\/2021\/05\/DSCF5678-600x400.jpg\" \n\t\t\t\t\t\trel=\"ilightBox\" \n\t\t\t\t\t\tclass=\"d-block l--h-100 text-right min-h-100\" title=\"Galerie ouverte\"><\/a> \t\t\t\t\t<\/div><\/div><div class=\"col-md-6 col-sm-12 l--h-50 l--p-gall p-3\"><div style=\"background-image: url('http:\/\/www.hotelemilia.it\/wp-content\/uploads\/2021\/05\/P1080993-1024x769.jpg?w=100&h=100&q=80&fit=crop);\" class=\"l--w-100 l--h-100 hidden-sm-down\">\n\t\t\t\t\t<a href=\"http:\/\/www.hotelemilia.it\/wp-content\/uploads\/2021\/05\/P1080993-600x451.jpg\" \n\t\t\t\t\t\trel=\"ilightBox\" \n\t\t\t\t\t\tclass=\"d-block l--h-100 text-right min-h-100\" title=\"Galerie ouverte\"><\/a> \t\t\t\t\t<\/div><\/div><div class=\"col-md-6 col-sm-12 l--h-50 l--p-gall p-3\"><div style=\"background-image: url('http:\/\/www.hotelemilia.it\/wp-content\/uploads\/2021\/05\/DSCF5718-1024x683.jpg?w=100&h=100&q=80&fit=crop);\" class=\"l--w-100 l--h-100 hidden-sm-down\">\n\t\t\t\t\t<a href=\"http:\/\/www.hotelemilia.it\/wp-content\/uploads\/2021\/05\/DSCF5718-600x400.jpg\" \n\t\t\t\t\t\trel=\"ilightBox\" \n\t\t\t\t\t\tclass=\"d-block l--h-100 text-right min-h-100\" title=\"Galerie ouverte\"><\/a> \t\t\t\t\t<\/div>      \n        \t\t<\/div>\n        \t<\/div>\n    \t<\/div>\n    <\/div>\n\n\n<div class=\"col-12 col-md-6 d-flex align-items-center\"\n     \n\t \n\t>\n        \n<div class=\"py-5\">\n\n\n<p>Le d\u00e9jeuner et le d\u00eener sont servis \u00e0 la table et les clients pourront choisir parmi un <strong>menu vari\u00e9<\/strong>En outre, les clients trouveront un grand buffet avec des amuse-gueules et des l\u00e9gumes.<\/p>\n\n\n\n<p>Pour les personnes<strong> intol\u00e9rant au gluten <\/strong>ou <strong>v\u00e9g\u00e9tariens<\/strong>Il est possible de demander un menu s\u00e9par\u00e9 pour satisfaire tous les besoins.<\/p>\n\n\n\n<div class=\"wao-blocks-button pt-4\" >\n\t<a href=\"http:\/\/www.hotelemilia.it\/fr\/ristorante\/\" \n\t\tclass=\"btn btn-secondary\"\n        title=\"Restaurant Hotel Emilia\" \n\t>\t\n\t\t\t\tD\u00c9COUVREZ \t\t<i class=\"fas fa-arrow-right ml-3\"><\/i> \t<\/a>\n<\/div>\n\n<\/div>\n    <\/div>\n<\/div>\n<\/section>\n\n<section class=\"wao-blocks-container container-fluid mb-5\"\n\t\t>\n    \n<div class=\"wao-blocks-row row\" >\n    \n\n<div class=\"col-12 col-md-12 text-center\"\n     \n\t \n\t>\n        \n\n<h2 class=\"wp-block-heading\">NOS CLIENTS APPR\u00c9CIENT<\/h2>\n\n\n\n<h3 class=\"font-alternativo wp-block-heading\">NOS FORCES<\/h3>\n\n    <\/div>\n<\/div>\n\n<div class=\"wao-blocks-row row g--bkg-light-01\" >\n    \n\n<div class=\"col-12 col-md-6 max-w-600 mx-auto py-3 py-md-5\"\n     \n\t \n\t>\n        \n<div class=\"nav flex-column nav-pills punti-forza\" id=\"v-pills-tab\" role=\"tablist\" aria-orientation=\"vertical\">\n\n<a class=\"nav-link active\" id=\"v-pills-01-tab\" data-toggle=\"pill\" href=\"#v-pills-01\" role=\"tab\" aria-controls=\"v-pills-01\" aria-selected=\"true\">\n1 <span>Situation en front de mer<\/span>\n<\/a>\n\n  <a class=\"nav-link\" id=\"v-pills-02-tab\" data-toggle=\"pill\" href=\"#v-pills-02\" role=\"tab\" aria-controls=\"v-pills-02\" aria-selected=\"false\">\n2 <span>Promenade pi\u00e9tonne<\/span>\n<\/a>\n\n  <a class=\"nav-link\" id=\"v-pills-03-tab\" data-toggle=\"pill\" href=\"#v-pills-03\" role=\"tab\" aria-controls=\"v-pills-03\" aria-selected=\"false\">\n3 <span>Nettoyage des chambres<\/span>\n<\/a>\n\n  <a class=\"nav-link\" id=\"v-pills-04-tab\" data-toggle=\"pill\" href=\"#v-pills-04\" role=\"tab\" aria-controls=\"v-pills-04\" aria-selected=\"false\">\n4 <span>Une cuisine raffin\u00e9e<\/span>\n<\/a>\n\n  <a class=\"nav-link\" id=\"v-pills-05-tab\" data-toggle=\"pill\" href=\"#v-pills-05\" role=\"tab\" aria-controls=\"v-pills-05\" aria-selected=\"false\">\n5 <span>Gestion de la famille<\/span>\n<\/a>\n\n  <a class=\"nav-link\" id=\"v-pills-06-tab\" data-toggle=\"pill\" href=\"#v-pills-06\" role=\"tab\" aria-controls=\"v-pills-06\" aria-selected=\"false\">\n6 <span>Parking gratuit<\/span>\n<\/a>\n\n<\/div>\n    <\/div>\n\n\n<div class=\"col-12 col-md-6 tab-content p-0\"\n     \n\tid=\"pills-tabContent\" \n\t>\n        \n  <div class=\"tab-pane fade show active align-items-center h-100-resp\" id=\"v-pills-01\" role=\"tabpanel\" aria-labelledby=\"v-pills-01-tab\" style=\"background: url(http:\/\/www.hotelemilia.it\/wp-content\/uploads\/2021\/05\/hotel-emilia-esteno-23-1-797x1024.jpg) center center \/ cover no-repeat;\">\n<div class=\"bg-white mx-3 p-4 max-w-450\">\n<h3>Un emplacement unique qui vous donnera une vue magnifique depuis votre chambre !\n<\/h3>\n<div class=\"wao-blocks-button py-3\">\n<a href=\"http:\/\/www.hotelemilia.it\/fr\/dove-siamo\/\" title=\"O\u00f9 nous sommes H\u00f4tel Emilia\" class=\"btn btn-secondary\">D\u00c9COUVREZ<class=\"fas fa-arrow-right ml-3\"><\/i><\/a><\/div>\n<\/div>\n<\/div>\n\n  <div class=\"tab-pane fade align-items-center h-100-resp\" id=\"v-pills-02\" role=\"tabpanel\" aria-labelledby=\"v-pills-02-tab\" style=\"background: url(http:\/\/www.hotelemilia.it\/wp-content\/uploads\/2021\/05\/hotel-emilia-esteno-01.jpg) center center \/ cover no-repeat;\">\n<div class=\"bg-white mx-3 p-4 max-w-450\">\n<h3>Parfait pour ceux qui aiment faire de longues promenades sur la plage, m\u00eame en hiver ! \n<\/h3>\n<div class=\"wao-blocks-button py-3\">\n<a href=\"http:\/\/www.hotelemilia.it\/fr\/spiaggia\/\" class=\"btn btn-secondary\" title=\"H\u00f4tel de plage Emilia\" >D\u00c9COUVREZ<class=\"fas fa-arrow-right ml-3\"><\/i><\/a><\/div>\n<\/div>\n<\/div>\n\n  <div class=\"tab-pane fade align-items-center h-100-resp\" id=\"v-pills-03\" role=\"tabpanel\" aria-labelledby=\"v-pills-03-tab\" style=\"background: url(http:\/\/www.hotelemilia.it\/wp-content\/uploads\/2021\/05\/DSCF4866.jpg) center center \/ cover no-repeat;\">\n<div class=\"bg-white mx-3 p-4 max-w-450\">\n<h3>La propret\u00e9 et l'hygi\u00e8ne passent toujours en premier, toujours !\n<\/h3>\n<div class=\"wao-blocks-button py-3\">\n<a href=\"http:\/\/www.hotelemilia.it\/fr\/camere\/\" class=\"btn btn-secondary\" title=\"Chambres H\u00f4tel Emilia\" >D\u00c9COUVREZ<class=\"fas fa-arrow-right ml-3\"><\/i><\/a><\/div>\n<\/div>\n<\/div>\n\n  <div class=\"tab-pane fade align-items-center h-100-resp\" id=\"v-pills-04\" role=\"tabpanel\" aria-labelledby=\"v-pills-04-tab\" style=\"background: url(http:\/\/www.hotelemilia.it\/wp-content\/uploads\/2021\/05\/P1080682.jpg) center center \/ cover no-repeat;\">\n<div class=\"bg-white mx-3 p-4 max-w-450\">\n<h3>Uniquement des produits frais et de premi\u00e8re qualit\u00e9, \u00e9galement sans gluten. \n<\/h3>\n<div class=\"wao-blocks-button py-3\">\n<a href=\"http:\/\/www.hotelemilia.it\/fr\/ristorante\/\" class=\"btn btn-secondary\" title=\"Restaurant Hotel Emilia\" >D\u00c9COUVREZ<class=\"fas fa-arrow-right ml-3\"><\/i><\/a><\/div>\n<\/div>\n<\/div>\n\n  <div class=\"tab-pane fade align-items-center h-100-resp\" id=\"v-pills-05\" role=\"tabpanel\" aria-labelledby=\"v-pills-05-tab\" style=\"background: url(http:\/\/www.hotelemilia.it\/wp-content\/uploads\/2021\/06\/bar.jpg) center center \/ cover no-repeat;\">\n<div class=\"bg-white mx-3 p-4 max-w-450\">\n<h3>Vous trouverez l'hospitalit\u00e9 typique de la Romagne qui vous fera vous sentir imm\u00e9diatement chez vous ! \n<\/h3>\n<div class=\"wao-blocks-button py-3\">\n<a href=\"http:\/\/www.hotelemilia.it\/fr\/servizi\/\" class=\"btn btn-secondary\" title=\"Services de l&#039;h\u00f4tel Emilia\" >D\u00c9COUVREZ<class=\"fas fa-arrow-right ml-3\"><\/i><\/a><\/div>\n<\/div>\n<\/div>\n\n  <div class=\"tab-pane fade align-items-center h-100-resp\" id=\"v-pills-06\" role=\"tabpanel\" aria-labelledby=\"v-pills-06-tab\" style=\"background: url(http:\/\/www.hotelemilia.it\/wp-content\/uploads\/2021\/05\/notturna1.jpg) center center \/ cover no-repeat;\">\n<div class=\"bg-white mx-3 p-4 max-w-450\">\n<h3>Garez votre voiture et n'y pensez plus jusqu'\u00e0 votre d\u00e9part !\n<\/h3>\n<div class=\"wao-blocks-button py-3\">\n<a href=\"http:\/\/www.hotelemilia.it\/fr\/servizi\/\" class=\"btn btn-secondary\" title=\"Parking H\u00f4tel Emilia\" >D\u00c9COUVREZ<class=\"fas fa-arrow-right ml-3\"><\/i><\/a><\/div>\n<\/div>\n<\/div>\n    <\/div>\n<\/div>\n<\/section>\n\n<section class=\"wao-blocks-container container-fluid mb-2\"\n\t\t>\n    \n<div class=\"wao-blocks-row row max-w-1400 mx-auto align-items-center\" >\n    \n\n<div class=\"col-12 col-md-6 px-md-4 order-md-1 order-2 js--hideme\"\n    data-anim=\"bounceInLeft\"\n     \n\t \n\t>\n        \n    <figure\n        class=\"wao-blocks-immagine-bkg logo-top-dx\"\n        style=\"background: url('http:\/\/www.hotelemilia.it\/wp-content\/uploads\/2021\/05\/hotel-emilia-famiglia-984x1024.jpg') center center \/ cover no-repeat; min-height: 450px;\"\n        >\n            <\/figure>\n\n    <\/div>\n\n\n<div class=\"col-12 col-md-6 py-3 order-md-2 order-1 px-md-4\"\n     \n\t \n\t>\n        \n\n<h2 class=\"wp-block-heading\">H\u00f4tels familiaux<\/h2>\n\n\n\n<h3 class=\"font-alternativo wp-block-heading\">Quand la disponibilit\u00e9 est reine<\/h3>\n\n\n\n<p>L'H\u00f4tel Emilia est parfait pour <strong>familles<\/strong> et propose de nombreux services sur mesure pour les parents et les enfants.<\/p>\n\n\n\n<p>Le <strong>salle familiale <\/strong>sont \u00e9quip\u00e9es de lits superpos\u00e9s ou de lits de camp pour les plus petits ; il est \u00e9galement possible de demander des rails anti-chute.<\/p>\n\n\n\n<p>Dans la salle \u00e0 manger, les parents peuvent pr\u00e9parer les repas de leurs enfants en toute autonomie et, pour nos jeunes h\u00f4tes, nous disposons de chaises hautes et de chaises \u00e0 roulettes. <strong>des menus color\u00e9s et accueillants<\/strong>!<\/p>\n\n\n\n<div class=\"wao-blocks-button pt-4\" >\n\t<a href=\"http:\/\/www.hotelemilia.it\/fr\/family\/\" \n\t\tclass=\"btn btn-secondary\"\n        title=\"H\u00f4tel familial Emilia\" \n\t>\t\n\t\t\t\tD\u00c9COUVREZ \t\t<i class=\"fas fa-arrow-right ml-3\"><\/i> \t<\/a>\n<\/div>\n    <\/div>\n<\/div>\n<\/section>","protected":false},"excerpt":{"rendered":"","protected":false},"author":1,"featured_media":0,"parent":0,"menu_order":0,"comment_status":"closed","ping_status":"closed","template":"","meta":{"footnotes":""},"class_list":["post-5","page","type-page","status-publish","hentry"],"_links":{"self":[{"href":"https:\/\/www.hotelemilia.it\/fr\/wp-json\/wp\/v2\/pages\/5","targetHints":{"allow":["GET"]}}],"collection":[{"href":"https:\/\/www.hotelemilia.it\/fr\/wp-json\/wp\/v2\/pages"}],"about":[{"href":"https:\/\/www.hotelemilia.it\/fr\/wp-json\/wp\/v2\/types\/page"}],"author":[{"embeddable":true,"href":"https:\/\/www.hotelemilia.it\/fr\/wp-json\/wp\/v2\/users\/1"}],"replies":[{"embeddable":true,"href":"https:\/\/www.hotelemilia.it\/fr\/wp-json\/wp\/v2\/comments?post=5"}],"version-history":[{"count":5,"href":"https:\/\/www.hotelemilia.it\/fr\/wp-json\/wp\/v2\/pages\/5\/revisions"}],"predecessor-version":[{"id":1446,"href":"https:\/\/www.hotelemilia.it\/fr\/wp-json\/wp\/v2\/pages\/5\/revisions\/1446"}],"wp:attachment":[{"href":"https:\/\/www.hotelemilia.it\/fr\/wp-json\/wp\/v2\/media?parent=5"}],"curies":[{"name":"wp","href":"https:\/\/api.w.org\/{rel}","templated":true}]}}