{"id":116,"date":"2021-05-21T15:39:22","date_gmt":"2021-05-21T13:39:22","guid":{"rendered":"http:\/\/www.hotelemilia.it\/?page_id=116"},"modified":"2025-01-14T12:26:02","modified_gmt":"2025-01-14T11:26:02","slug":"listino","status":"publish","type":"page","link":"https:\/\/www.hotelemilia.it\/de\/listino\/","title":{"rendered":"Behandlungen"},"content":{"rendered":"<section class=\"wao-blocks-container container-fluid mb-2 py-4\"\n\t\t>\n    \n<div class=\"wao-blocks-row row max-w-1400 mx-auto\" >\n    \n\n<div class=\"col-12 col-md-12\"\n     \n\t \n\t>\n        \n\n<div class=\"breadcrumb-block font-weight-bold\"\n    >\n    <div class=\"text-primary text-uppercase\">\n        <a href=\"https:\/\/www.hotelemilia.it\/de\" rel=\"nofollow\" title=\"Startseite\">Startseite &gt;<\/a>\n        Behandlungen    <\/div>\n<\/div>\n    <\/div>\n<\/div>\n<\/section>\n\n<section class=\"wao-blocks-container container mb-3\"\n\t\t>\n    \n<div class=\"wao-blocks-row row\" >\n    \n\n<div class=\"col-12 col-md-12 text-center\"\n     \n\t \n\t>\n        \n\n<h1 class=\"wp-block-heading text-uppercase\">Hotel Emilia Behandlung Spezifikationen<\/h1>\n\n\n\n<p>Entdecken Sie die <strong>vorgeschlagene Behandlungen,<\/strong> die verf\u00fcgbaren Erm\u00e4\u00dfigungen und Zuschl\u00e4ge.<br>W\u00e4hlen Sie Ihren gew\u00fcnschten Aufenthaltszeitraum und <strong>Kontaktieren Sie uns<\/strong> um unser bestes Angebot f\u00fcr Sie zu erhalten.<\/p>\n\n    <\/div>\n<\/div>\n<\/section>\n\n<section class=\"wao-blocks-container container-fluid mb-2\"\n\t\t>\n    \n<div class=\"wao-blocks-row row py-4 max-w-1400 mx-auto\" >\n    \n\n<div class=\"col-12 col-md-12\"\n     \n\t \n\t>\n        \n\n<h3 class=\"wp-block-heading has-text-align-center\">Preislistenhinweise<\/h3>\n\n\n\n<p>Behandlung <strong>VOLLPENSION + STRAND<\/strong> ist ab 18\/05\/2025 verf\u00fcgbar.<\/p>\n\n\n\n<p>Das Mittagessen wird ab 12.30 Uhr und das Abendessen ab 19.15 Uhr serviert.<\/p>\n\n\n\n<p>Sie ist immer enthalten:<\/p>\n\n\n\n<ul class=\"wp-block-list\">\n<li>&nbsp;&nbsp;\u00dcbernachtung in <strong>Zimmer mit Balkon<\/strong> und Meerblick<\/li>\n\n\n\n<li>&nbsp;&nbsp;Reichhaltiges Fr\u00fchst\u00fccksbuffet<\/li>\n\n\n\n<li>&nbsp;&nbsp;<strong>Mittagessen und Abendessen<\/strong><\/li>\n\n\n\n<li>\u00a0\u00a0Wasser und Wein zu den Mahlzeiten<\/li>\n\n\n\n<li>&nbsp;&nbsp;Ein Sonnenschirm und zwei Liegest\u00fchle in <strong>Strand<\/strong> ab der dritten Reihe<\/li>\n\n\n\n<li>&nbsp;&nbsp;<strong>Stellplatz<\/strong> hinter dem Hotel je nach Verf\u00fcgbarkeit, sonst 1 km entfernt mit Shuttle-Service<\/li>\n<\/ul>\n\n\n\n<p>Einzahlen <strong>Barguthaben <\/strong>zu erhalten bis zu<strong> 3% Rabatt<\/strong> auf den Gesamtpreis.<\/p>\n\n\n\n<p><strong>ERG\u00c4NZUNGEN:<\/strong><\/p>\n\n\n\n<ul class=\"wp-block-list\">\n<li><strong>Klimatisierung<\/strong> 5 \u20ac pro Tag und Zimmer (auf Anfrage)<\/li>\n\n\n\n<li><strong>Getr\u00e4nke<\/strong> Mahlzeiten 3 \u20ac pro Tag und Person (auf Anfrage)<\/li>\n\n\n\n<li><strong>K\u00fchlschrank auf dem Zimmer <\/strong>2 \u20ac pro Tag (auf Anfrage)<\/li>\n\n\n\n<li>Kurtaxe 2,50 \u20ac pro Tag<\/li>\n\n\n\n<li><strong>Zimmer mit Meerblick Front<\/strong> +15% \u00fcber Gesamt<\/li>\n\n\n\n<li>Einzelzimmer + 15 \u20ac pro Tag<\/li>\n\n\n\n<li>Kinderbett (im Juli und August) + 5 \u20ac pro Tag<\/li>\n<\/ul>\n\n\n\n<p><strong>Erm\u00e4\u00dfigungen f\u00fcr Kinder:<\/strong><\/p>\n\n\n\n<ul class=\"wp-block-list\">\n<li><strong>Kind bis zu 1 Jahr,<\/strong> eine pro Zimmer, Aufenthalt <strong>KOSTENLOS<\/strong><\/li>\n\n\n\n<li>Kinder von 1 bis 2 Jahren 10,00 \u20ac pro Tag<\/li>\n\n\n\n<li>Kinder von 3 bis 5 Jahren <strong>DISCOUNT von 60%<\/strong><\/li>\n\n\n\n<li>Kinder von 6 bis 7 Jahren <strong>DISCOUNT von 50%<\/strong><\/li>\n\n\n\n<li>Kinder von 8 bis 13 Jahren<strong> DISCOUNT von 30%<\/strong><\/li>\n\n\n\n<li>Rabatt f\u00fcr das dritte und vierte Bett 15%<\/li>\n<\/ul>\n\n\n\n\n<style>\n\t.nav-link{\n\t\tborder-radius: 0px 15px 0px 0px !important;\t}\n\t.nav-tabs .nav-item.show .nav-link, .nav-tabs .nav-link.active{\n\t\tborder-radius: 0px 15px 0px 0px !important;\t}\n<\/style>\n\t<div class=\"wao-blocks-listino-v1\" data-cof=\"true\" data-cof-rule=\"\">\n\t\t<div class=\"\" data-vertical-space=\"10\" style=\"z-index: 999;\">\n\t\t\t\t\t<\/div> \n\t\t<div class=\"tab-content\">\n\t\t\t\t\t<\/div>\n\t<\/div>\n    <\/div>\n<\/div>\n<\/section>","protected":false},"excerpt":{"rendered":"","protected":false},"author":1,"featured_media":0,"parent":0,"menu_order":0,"comment_status":"closed","ping_status":"closed","template":"","meta":{"footnotes":""},"class_list":["post-116","page","type-page","status-publish","hentry"],"_links":{"self":[{"href":"https:\/\/www.hotelemilia.it\/de\/wp-json\/wp\/v2\/pages\/116","targetHints":{"allow":["GET"]}}],"collection":[{"href":"https:\/\/www.hotelemilia.it\/de\/wp-json\/wp\/v2\/pages"}],"about":[{"href":"https:\/\/www.hotelemilia.it\/de\/wp-json\/wp\/v2\/types\/page"}],"author":[{"embeddable":true,"href":"https:\/\/www.hotelemilia.it\/de\/wp-json\/wp\/v2\/users\/1"}],"replies":[{"embeddable":true,"href":"https:\/\/www.hotelemilia.it\/de\/wp-json\/wp\/v2\/comments?post=116"}],"version-history":[{"count":29,"href":"https:\/\/www.hotelemilia.it\/de\/wp-json\/wp\/v2\/pages\/116\/revisions"}],"predecessor-version":[{"id":1511,"href":"https:\/\/www.hotelemilia.it\/de\/wp-json\/wp\/v2\/pages\/116\/revisions\/1511"}],"wp:attachment":[{"href":"https:\/\/www.hotelemilia.it\/de\/wp-json\/wp\/v2\/media?parent=116"}],"curies":[{"name":"wp","href":"https:\/\/api.w.org\/{rel}","templated":true}]}}