{"id":104,"date":"2021-05-21T15:37:39","date_gmt":"2021-05-21T13:37:39","guid":{"rendered":"http:\/\/www.hotelemilia.it\/?page_id=104"},"modified":"2021-06-10T12:46:31","modified_gmt":"2021-06-10T10:46:31","slug":"posizione","status":"publish","type":"page","link":"https:\/\/www.hotelemilia.it\/de\/posizione\/","title":{"rendered":"Standort"},"content":{"rendered":"<div id=\"flc-carousel\" data-cellalign=\"center\" data-bglazyload=\"1\" data-freescroll=\"true\" data-wraparound=\"true\" data-autoplay=\"2000\" data-pauseautoplayonhover =\"true\" data-prevnextbuttons=\"false\" data-contain=\"true\" data-pagedots=\"false\" data-draggable=\"false\" data-groupcells=\"1\" data-fade=\"true\" class=\"js--flickity wao-blocks-slider flc-carousel-26579\"  >\n\n                            <div class=\"w-100\">\n                    \n    <div style='background: url(http:\/\/www.hotelemilia.it\/wp-content\/uploads\/2021\/05\/DSCF36272_1.jpg)center center ; background-blend-mode: multiply; background-size: cover; height: 60vh; background-position: 50% 100%;' class='wao-blocks-flc-banner'>\n        <div \n            class='carousel-caption mobile-tablet-centered' \n                        style='max-width: 100%; bottom: ; background-color:  ; margin:  auto            '>\n                    <\/div>\n        <style>\n            @media screen and (max-width: 992px) {\n                .mobile-tablet-centered {\n                    margin: auto !important;\n                }\n            }\n        <\/style>\n    <\/div>\n    \n                <\/div>\n            \n<\/div>\n\n<section class=\"wao-blocks-container container-fluid mb-2 py-4\"\n\t\t>\n    \n<div class=\"wao-blocks-row row max-w-1400 mx-auto\" >\n    \n\n<div class=\"col-12 col-md-12\"\n     \n\t \n\t>\n        \n\n<div class=\"breadcrumb-block font-weight-bold\"\n    >\n    <div class=\"text-primary text-uppercase\">\n        <a href=\"https:\/\/www.hotelemilia.it\/de\" rel=\"nofollow\" title=\"Startseite\">Startseite &gt;<\/a>\n        Standort    <\/div>\n<\/div>\n    <\/div>\n<\/div>\n<\/section>\n\n<section class=\"wao-blocks-container container-fluid mb-2\"\n\t\t>\n    \n<div class=\"wao-blocks-row row py-3 justify-content-end\" >\n    \n\n<div class=\"col-12 col-md-6 max-w-600 p-md-5 p-3\"\n     \n\t \n\t>\n        \n<div>\n\n\n<h2 class=\"wp-block-heading\">EINE NEUE FUSSG\u00c4NGERPROMENADE<\/h2>\n\n\n\n<h3 class=\"font-alternativo pb-3 wp-block-heading\">Extra Sicherheit f\u00fcr Ihre Entspannung<\/h3>\n\n\n\n<p>Unser Hotel befindet sich in einem <strong>Toplage<\/strong>direkt zum Meer hin. Unsere G\u00e4ste k\u00f6nnen das neue<strong> promenade<\/strong>indem Sie einfach aus der Hotellobby herausgehen.<\/p>\n\n\n\n<p>Im Urlaub ist es wichtig, den Komfort zu haben, eine <strong>gehen<\/strong>ohne das Auto oder \u00f6ffentliche Verkehrsmittel benutzen zu m\u00fcssen, um die Hauptstra\u00dfen der Stadt zu erreichen!<\/p>\n\n\n<\/div>\n    <\/div>\n\n\n<div class=\"col-12 col-md-6 px-0\"\n     \n\t \n\t>\n        \n    <figure\n        class=\"wao-blocks-immagine-bkg js--hideme\"\n        style=\"background: url('http:\/\/www.hotelemilia.it\/wp-content\/uploads\/2021\/06\/lungomare01-1024x576.jpg') center center \/ cover no-repeat; min-height: 600px;\"\n        data-anim=\"bounceInRight\" >\n            <\/figure>\n\n    <\/div>\n<\/div>\n<\/section>\n\n<section class=\"wao-blocks-container container-fluid mb-2\"\n\t\t>\n    \n<div class=\"wao-blocks-row row py-3 position-relative\" >\n    \n\n<div class=\"col-12 col-md-8 px-0 order-md-1 order-2 js--hideme\"\n    data-anim=\"bounceInLeft\"\n     \n\t \n\t>\n        \n    <figure\n        class=\"wao-blocks-immagine-bkg\"\n        style=\"background: url('http:\/\/www.hotelemilia.it\/wp-content\/uploads\/2021\/05\/DSCF4753-1024x683.jpg') center center \/ cover no-repeat; min-height: 600px;\"\n        >\n            <\/figure>\n\n    <\/div>\n\n\n<div class=\"col-12 col-md-6 img-overlap-dx p-3 d-flex align-items-center order-md-2 order-1\"\n     \n\t \n\t>\n        \n<div class=\"box-dx-over\">\n\n\n<h2 class=\"wp-block-heading\">ZIMMER MIT BALKON MIT MEERBLICK<\/h2>\n\n\n\n<h3 class=\"font-alternativo pb-3 wp-block-heading\">Aufwachen auf dem richtigen Fu\u00df<\/h3>\n\n\n\n<p>Unsere Zimmer haben alle ein <strong>fantastische Lage mit Meerblick<\/strong>! Fr\u00fchmorgens vom Bett aus den Sonnenaufgang zu sehen, gibt eine unglaubliche Aufladung und eine positive Note f\u00fcr den Tag.<\/p>\n\n\n\n<p>Dar\u00fcber hinaus haben unsere G\u00e4ste die M\u00f6glichkeit, die <strong>Fr\u00fchst\u00fcck auf Ihrem Zimmer<\/strong>. Wie kann man den Tag besser beginnen?<\/p>\n\n\n\n<div class=\"wao-blocks-button\" >\n\t<a href=\"http:\/\/www.hotelemilia.it\/de\/camere\/\" \n\t\tclass=\"btn btn-secondary\"\n         \n\t\t\t\ttitle=\"ENTDECKEN\" \n\t>\t\n\t\t\t\tENTDECKEN\t\t<i class=\"fas fa-arrow-right ml-3\"><\/i> \t<\/a>\n<\/div>\n\n<\/div>\n    <\/div>\n<\/div>\n<\/section>\n\n<section class=\"wao-blocks-container container-fluid mb-2\"\n\t\t>\n    \n<div class=\"wao-blocks-row row py-3 justify-content-end\" >\n    \n\n<div class=\"col-12 col-md-5 max-w-600 p-md-5 py-5 order-md-2 order-1 d-flex align-items-center\"\n     \n\t \n\t>\n        \n<div>\n\n\n<h2 class=\"wp-block-heading\">EIN HOTEL, DAS 365 TAGE GE\u00d6FFNET IST<\/h2>\n\n\n\n<h3 class=\"font-alternativo pb-3 wp-block-heading\">Business Hotel<\/h3>\n\n\n\n<p>Das Hotel Emilia in Torre Pedrera liegt ideal f\u00fcr einen Aufenthalt in Rimini, wenn Sie einen Gesch\u00e4ftstermin wahrnehmen m\u00f6chten. Nur 3 km von der Autobahn und eine 6-min\u00fctige Fahrt von der Fiera di Rimini entfernt, ist das Hotel Emilia<strong> ganzj\u00e4hrig ge\u00f6ffnet<\/strong> nur zur Erleichterung der <strong>Gesch\u00e4ftsaufenthalte<\/strong> von denen, die auch f\u00fcr Messen und Veranstaltungen nach Rimini kommen.<\/p>\n\n\n\n<div class=\"wao-blocks-button\" >\n\t<a href=\"http:\/\/www.hotelemilia.it\/de\/business\/\" \n\t\tclass=\"btn btn-secondary\"\n         \n\t\t\t\ttitle=\"ENTDECKEN\" \n\t>\t\n\t\t\t\tENTDECKEN\t\t<i class=\"fas fa-arrow-right ml-3\"><\/i> \t<\/a>\n<\/div>\n\n<\/div>\n    <\/div>\n\n\n<div class=\"col-12 col-md-7 order-md-2 order-1 px-0 js--hideme\"\n    data-anim=\"bounceInRight\"\n     \n\t \n\t>\n        \n    <figure\n        class=\"wao-blocks-immagine-bkg\"\n        style=\"background: url('http:\/\/www.hotelemilia.it\/wp-content\/uploads\/2021\/05\/hotel-emilia-aperto-365-1024x612.jpg') center center \/ cover no-repeat; min-height: 600px;\"\n        >\n            <\/figure>\n\n    <\/div>\n<\/div>\n<\/section>","protected":false},"excerpt":{"rendered":"","protected":false},"author":1,"featured_media":0,"parent":0,"menu_order":0,"comment_status":"closed","ping_status":"closed","template":"","meta":{"footnotes":""},"class_list":["post-104","page","type-page","status-publish","hentry"],"_links":{"self":[{"href":"https:\/\/www.hotelemilia.it\/de\/wp-json\/wp\/v2\/pages\/104","targetHints":{"allow":["GET"]}}],"collection":[{"href":"https:\/\/www.hotelemilia.it\/de\/wp-json\/wp\/v2\/pages"}],"about":[{"href":"https:\/\/www.hotelemilia.it\/de\/wp-json\/wp\/v2\/types\/page"}],"author":[{"embeddable":true,"href":"https:\/\/www.hotelemilia.it\/de\/wp-json\/wp\/v2\/users\/1"}],"replies":[{"embeddable":true,"href":"https:\/\/www.hotelemilia.it\/de\/wp-json\/wp\/v2\/comments?post=104"}],"version-history":[{"count":0,"href":"https:\/\/www.hotelemilia.it\/de\/wp-json\/wp\/v2\/pages\/104\/revisions"}],"wp:attachment":[{"href":"https:\/\/www.hotelemilia.it\/de\/wp-json\/wp\/v2\/media?parent=104"}],"curies":[{"name":"wp","href":"https:\/\/api.w.org\/{rel}","templated":true}]}}